{"id":2,"date":"2025-09-09T12:34:11","date_gmt":"2025-09-09T12:34:11","guid":{"rendered":"https:\/\/martinamorello.com\/?page_id=2"},"modified":"2025-09-24T13:22:04","modified_gmt":"2025-09-24T13:22:04","slug":"sample-page","status":"publish","type":"page","link":"https:\/\/martinamorello.com\/index.php\/sample-page\/","title":{"rendered":"Concerts"},"content":{"rendered":"<div id=\"vsel\" class=\"vsel-shortcode vsel-shortcode-upcoming-events\"><p class=\"vsel-no-events\">No events are found.<\/p><\/div>\n\n\n\n<p class=\"is-style-text-subtitle has-literata-font-family has-large-font-size is-style-text-subtitle--1 wp-block-paragraph\">Concerts pass\u00e9s<\/p>\n\n\n<div id=\"vsel\" class=\"vsel-shortcode vsel-shortcode-past-events\"><div id=\"event-107\" class=\"vsel-content vsel-past\"><div class=\"vsel-meta vsel-alignleft\" style=\"width:36%;\"><h3 class=\"vsel-meta-title\">Landwehr &#8211; Fribourg\u00a0<\/h3><div class=\"vsel-meta-date vsel-meta-single-date\">Date\u00a0: <span>d\u00e9cembre 10, 2025<\/span><\/div><div class=\"vsel-meta-time\">Heure\u00a0: <span>12:00 am - 12:00 am<\/span><\/div><div class=\"vsel-meta-link\"><a href=\"https:\/\/landwehr.ch\/de\/startseite\/\" rel=\"noopener noreferrer\" rel=\"noreferrer\" target=\"_self\" title=\"https:\/\/landwehr.ch\/de\/startseite\/\">Plus d\u2019infos<\/a><\/div><\/div><div class=\"vsel-info vsel-alignright\" style=\"width:60%;\"><div class=\"vsel-text\"><\/div><\/div><\/div><div id=\"event-106\" class=\"vsel-content vsel-past\"><div class=\"vsel-meta vsel-alignleft\" style=\"width:36%;\"><h3 class=\"vsel-meta-title\">\u201cMIT frischen Wind und Spielluste\u201d<\/h3><div class=\"vsel-meta-date vsel-meta-single-date\">Date\u00a0: <span>novembre 30, 2025<\/span><\/div><div class=\"vsel-meta-time\">Heure\u00a0: <span>5:00 pm<\/span><\/div><div class=\"vsel-meta-location\">Lieu: <span>Atelier | St Johanns-Vorstadt 16 | Basel<\/span><\/div><div class=\"vsel-meta-link\"><a href=\"https:\/\/franziskabadertscher.ch\/\" rel=\"noopener noreferrer\" rel=\"noreferrer\" target=\"_self\" title=\"https:\/\/franziskabadertscher.ch\/\">Plus d\u2019infos<\/a><\/div><\/div><div class=\"vsel-info vsel-alignright\" style=\"width:60%;\"><div class=\"vsel-text\">\n<p class=\"wp-block-paragraph\">Trio | Franziska Badertscher | Duo Morello-Ryser<\/p>\n\n\n\n<p class=\"wp-block-paragraph\">Atelierkonzert No. 78<\/p>\n<\/div><\/div><\/div><div id=\"event-105\" class=\"vsel-content vsel-past\"><div class=\"vsel-meta vsel-alignleft\" style=\"width:36%;\"><h3 class=\"vsel-meta-title\">Peer Gynt<\/h3><div class=\"vsel-meta-date vsel-meta-single-date\">Date\u00a0: <span>novembre 14, 2025<\/span><\/div><div class=\"vsel-meta-time\">Heure\u00a0: <span>12:00 am - 12:00 am<\/span><\/div><div class=\"vsel-meta-location\">Lieu: <span>Martigny<\/span><\/div><div class=\"vsel-meta-link\"><a href=\"https:\/\/symphonistes-octodure.ch\/peer-gynt\/\" rel=\"noopener noreferrer\" rel=\"noreferrer\" target=\"_self\" title=\"https:\/\/symphonistes-octodure.ch\/peer-gynt\/\">Plus d\u2019infos<\/a><\/div><\/div><div class=\"vsel-info vsel-alignright\" style=\"width:60%;\"><div class=\"vsel-text\">\n<p class=\"wp-block-paragraph\">Les Symphonistes d\u2019Octodure<\/p>\n<\/div><\/div><\/div><div id=\"event-129\" class=\"vsel-content vsel-past\"><div class=\"vsel-meta vsel-alignleft\" style=\"width:36%;\"><h3 class=\"vsel-meta-title\">Danger dans la surface<\/h3><div class=\"vsel-meta-date vsel-meta-single-date\">Date\u00a0: <span>novembre 1, 2025<\/span><\/div><div class=\"vsel-meta-time\">Heure\u00a0: <span>8:00 pm<\/span><\/div><div class=\"vsel-meta-location\">Lieu: <span>Centre D\u00fcrenmatt | Neuch\u00e2tel<\/span><\/div><div class=\"vsel-meta-link\"><a href=\"https:\/\/www.cdn.ch\/cdn\/fr\/home\/visiter\/expo\/toutes-les-expositions\/expositions-2025\/foot.html\" rel=\"noopener noreferrer\" rel=\"noreferrer\" target=\"_self\" title=\"https:\/\/www.cdn.ch\/cdn\/fr\/home\/visiter\/expo\/toutes-les-expositions\/expositions-2025\/foot.html\">Plus d\u2019infos<\/a><\/div><\/div><div class=\"vsel-info vsel-alignright\" style=\"width:60%;\"><div class=\"vsel-text\">\n<p class=\"wp-block-paragraph\">En partenariat avec le\u00a0<strong>Centre D\u00fcrrenmatt<\/strong>et en \u00e9cho \u00e0 l\u2019exposition temporaire du mus\u00e9e, le Nouvel Ensemble Contemporain (NEC) propose un concert o\u00f9 les liens entre le foot et la musique seront au centre du jeu.<\/p>\n\n\n\n<p class=\"wp-block-paragraph\">Dans\u00a0<em><strong>Ballare<\/strong><\/em>, Oxana Omelchuk s\u2019inspire des mouvements des joueurs, les transformant en une chor\u00e9graphie musicale. Avec\u00a0<em><strong>Danger dans la surface<\/strong><\/em>, Jacques Demierre r\u00e9investit l\u2019\u00e9nergie des commentaires d\u2019un match de football dans une cr\u00e9ation sonore ludique et th\u00e9\u00e2trale. Enfin, Jeanne Larrouturou et Romane Bouffioux livrent deux \u0153uvres in\u00e9dites pour ensemble, imagin\u00e9es sp\u00e9cialement pour cet espace mus\u00e9al.<\/p>\n<\/div><\/div><\/div><div id=\"event-103\" class=\"vsel-content vsel-past\"><div class=\"vsel-meta vsel-alignleft\" style=\"width:36%;\"><h3 class=\"vsel-meta-title\">\u00ab\u00a0Mit frischem Wind und Spiellust\u00a0\u00bb<\/h3><div class=\"vsel-meta-date vsel-meta-single-date\">Date\u00a0: <span>octobre 26, 2025<\/span><\/div><div class=\"vsel-meta-time vsel-meta-all-day\">\u00c9v\u00e8nement sur toute la journ\u00e9e<\/div><div class=\"vsel-meta-location\">Lieu: <span>Basela<\/span><\/div><\/div><div class=\"vsel-info vsel-alignright\" style=\"width:60%;\"><div class=\"vsel-text\">\n<p class=\"wp-block-paragraph\">Bl\u00e4serquintett | Gil Staccati<\/p>\n\n\n\n<p class=\"wp-block-paragraph\"><\/p>\n<\/div><\/div><\/div><div id=\"event-99\" class=\"vsel-content vsel-past\"><div class=\"vsel-meta vsel-alignleft\" style=\"width:36%;\"><h3 class=\"vsel-meta-title\">Interfinity Festival, \u00ab\u00a0Like Flesh\u00a0\u00bb by Sivan Eldar, Swiss Premi\u00e8re \u2013 Basel\u00a0<\/h3><div class=\"vsel-meta-date vsel-meta-single-date\">Date\u00a0: <span>octobre 19, 2025<\/span><\/div><div class=\"vsel-meta-time\">Heure\u00a0: <span>7:30 pm<\/span><\/div><div class=\"vsel-meta-location\">Lieu: <span>Basel, Voltahalle<\/span><\/div><div class=\"vsel-meta-link\"><a href=\"https:\/\/www.interfinity.ch\/like-flesh-oper\" rel=\"noopener noreferrer\" rel=\"noreferrer\" target=\"_self\" title=\"https:\/\/www.interfinity.ch\/like-flesh-oper\">Plus d\u2019Infos<\/a><\/div><\/div><div class=\"vsel-info vsel-alignright\" style=\"width:60%;\"><div class=\"vsel-text\">\n<p class=\"wp-block-paragraph\">Op\u00e9ra | Sivan Eldar (Libretto | Cordelia Lynn).<\/p>\n\n\n\n<p class=\"wp-block-paragraph\">Mise en sc\u00e8ne | Dominique Pitoiset | Luca Scarzella<br>Chef | Georg K\u00f6hler.<\/p>\n\n\n\n<figure class=\"wp-block-image size-large\"><img loading=\"lazy\" decoding=\"async\" width=\"1024\" height=\"576\" src=\"https:\/\/martinamorello.com\/wp-content\/uploads\/2025\/09\/like-flesh-19-01-22-simon-gosselin-28_51904219457_o.jpg-1024x576.webp\" alt=\"\" class=\"wp-image-100\" srcset=\"https:\/\/martinamorello.com\/wp-content\/uploads\/2025\/09\/like-flesh-19-01-22-simon-gosselin-28_51904219457_o.jpg-1024x576.webp 1024w, https:\/\/martinamorello.com\/wp-content\/uploads\/2025\/09\/like-flesh-19-01-22-simon-gosselin-28_51904219457_o.jpg-300x169.webp 300w, https:\/\/martinamorello.com\/wp-content\/uploads\/2025\/09\/like-flesh-19-01-22-simon-gosselin-28_51904219457_o.jpg-768x432.webp 768w, https:\/\/martinamorello.com\/wp-content\/uploads\/2025\/09\/like-flesh-19-01-22-simon-gosselin-28_51904219457_o.jpg-1536x864.webp 1536w, https:\/\/martinamorello.com\/wp-content\/uploads\/2025\/09\/like-flesh-19-01-22-simon-gosselin-28_51904219457_o.jpg-2048x1152.webp 2048w\" sizes=\"auto, (max-width: 1024px) 100vw, 1024px\" \/><\/figure>\n<\/div><\/div><\/div><div id=\"event-94\" class=\"vsel-content vsel-past\"><div class=\"vsel-meta vsel-alignleft\" style=\"width:36%;\"><h3 class=\"vsel-meta-title\">Interfinity Festival, \u00ab\u00a0Like Flesh\u00a0\u00bb by Sivan Eldar, Swiss Premi\u00e8re &#8211; Basel\u00a0<\/h3><div class=\"vsel-meta-date vsel-meta-single-date\">Date\u00a0: <span>octobre 18, 2025<\/span><\/div><div class=\"vsel-meta-time\">Heure\u00a0: <span>7:30 pm<\/span><\/div><div class=\"vsel-meta-location\">Lieu: <span>Basel, Voltahalle<\/span><\/div><div class=\"vsel-meta-link\"><a href=\"https:\/\/www.interfinity.ch\/like-flesh-oper\" rel=\"noopener noreferrer\" rel=\"noreferrer\" target=\"_self\" title=\"https:\/\/www.interfinity.ch\/like-flesh-oper\">Plus d\u2019Infos<\/a><\/div><\/div><div class=\"vsel-info vsel-alignright\" style=\"width:60%;\"><div class=\"vsel-text\">\n<p class=\"wp-block-paragraph\">Op\u00e9ra | Sivan Eldar (Libretto | Cordelia Lynn).<\/p>\n\n\n\n<p class=\"wp-block-paragraph\">Mise en sc\u00e8ne | Dominique Pitoiset | Luca Scarzella<br>Chef | Georg K\u00f6hler.<\/p>\n\n\n\n<figure class=\"wp-block-image\"><img loading=\"lazy\" decoding=\"async\" width=\"2500\" height=\"1407\" src=\"https:\/\/martinamorello.com\/wp-content\/uploads\/2025\/09\/like-flesh-19-01-22-simon-gosselin-50_51905278178_o.jpg-edited.webp\" alt=\"\" class=\"wp-image-98\" srcset=\"https:\/\/martinamorello.com\/wp-content\/uploads\/2025\/09\/like-flesh-19-01-22-simon-gosselin-50_51905278178_o.jpg-edited.webp 2500w, https:\/\/martinamorello.com\/wp-content\/uploads\/2025\/09\/like-flesh-19-01-22-simon-gosselin-50_51905278178_o.jpg-edited-300x169.webp 300w, https:\/\/martinamorello.com\/wp-content\/uploads\/2025\/09\/like-flesh-19-01-22-simon-gosselin-50_51905278178_o.jpg-edited-1024x576.webp 1024w, https:\/\/martinamorello.com\/wp-content\/uploads\/2025\/09\/like-flesh-19-01-22-simon-gosselin-50_51905278178_o.jpg-edited-768x432.webp 768w, https:\/\/martinamorello.com\/wp-content\/uploads\/2025\/09\/like-flesh-19-01-22-simon-gosselin-50_51905278178_o.jpg-edited-1536x864.webp 1536w, https:\/\/martinamorello.com\/wp-content\/uploads\/2025\/09\/like-flesh-19-01-22-simon-gosselin-50_51905278178_o.jpg-edited-2048x1153.webp 2048w\" sizes=\"auto, (max-width: 2500px) 100vw, 2500px\" \/><\/figure>\n<\/div><\/div><\/div><div id=\"event-80\" class=\"vsel-content vsel-past\"><div class=\"vsel-meta vsel-alignleft\" style=\"width:36%;\"><h3 class=\"vsel-meta-title\">Interfinity Festival, \u00ab\u00a0Like Flesh\u00a0\u00bb by Sivan Eldar, Swiss Premi\u00e8re &#8211; Basel\u00a0<\/h3><div class=\"vsel-meta-date vsel-meta-single-date\">Date\u00a0: <span>octobre 17, 2025<\/span><\/div><div class=\"vsel-meta-time\">Heure\u00a0: <span>7:30 pm<\/span><\/div><div class=\"vsel-meta-location\">Lieu: <span>Basel, Voltahalle<\/span><\/div><div class=\"vsel-meta-link\"><a href=\"https:\/\/www.interfinity.ch\/like-flesh-oper\" rel=\"noopener noreferrer\" rel=\"noreferrer\" target=\"_self\" title=\"https:\/\/www.interfinity.ch\/like-flesh-oper\">Plus d\u2019Infos<\/a><\/div><\/div><div class=\"vsel-info vsel-alignright\" style=\"width:60%;\"><div class=\"vsel-text\">\n<p class=\"wp-block-paragraph\">Op\u00e9ra | Sivan Eldar (Libretto | Cordelia Lynn).<\/p>\n\n\n\n<p class=\"wp-block-paragraph\">Mise en sc\u00e8ne | Dominique Pitoiset | Luca Scarzella<br>Chef | Georg K\u00f6hler.<\/p>\n\n\n\n<figure class=\"wp-block-image size-large\"><img loading=\"lazy\" decoding=\"async\" width=\"1024\" height=\"576\" src=\"https:\/\/martinamorello.com\/wp-content\/uploads\/2025\/09\/like-flesh-19-01-22-simon-gosselin-55_51905278028_o.jpg-1024x576.webp\" alt=\"\" class=\"wp-image-91\" srcset=\"https:\/\/martinamorello.com\/wp-content\/uploads\/2025\/09\/like-flesh-19-01-22-simon-gosselin-55_51905278028_o.jpg-1024x576.webp 1024w, https:\/\/martinamorello.com\/wp-content\/uploads\/2025\/09\/like-flesh-19-01-22-simon-gosselin-55_51905278028_o.jpg-300x169.webp 300w, https:\/\/martinamorello.com\/wp-content\/uploads\/2025\/09\/like-flesh-19-01-22-simon-gosselin-55_51905278028_o.jpg-768x432.webp 768w, https:\/\/martinamorello.com\/wp-content\/uploads\/2025\/09\/like-flesh-19-01-22-simon-gosselin-55_51905278028_o.jpg-1536x864.webp 1536w, https:\/\/martinamorello.com\/wp-content\/uploads\/2025\/09\/like-flesh-19-01-22-simon-gosselin-55_51905278028_o.jpg-2048x1152.webp 2048w\" sizes=\"auto, (max-width: 1024px) 100vw, 1024px\" \/><\/figure>\n\n\n\n<p class=\"wp-block-paragraph\"><\/p>\n<\/div><\/div><\/div><div id=\"event-108\" class=\"vsel-content vsel-past\"><div class=\"vsel-meta vsel-alignleft\" style=\"width:36%;\"><h3 class=\"vsel-meta-title\">American Icons\u00a0\u00bb &#8211; Sion\u00a0<\/h3><div class=\"vsel-meta-date vsel-meta-single-date\">Date\u00a0: <span>septembre 24, 2025<\/span><\/div><div class=\"vsel-meta-time\">Heure\u00a0: <span>12:00 am - 12:00 am<\/span><\/div><div class=\"vsel-meta-link\"><a href=\"https:\/\/www.sinfonia-vs.ch\/\" rel=\"noopener noreferrer\" rel=\"noreferrer\" target=\"_self\" title=\"https:\/\/www.sinfonia-vs.ch\/\">Plus d\u2019infos<\/a><\/div><\/div><div class=\"vsel-info vsel-alignright\" style=\"width:60%;\"><div class=\"vsel-text\"><\/div><\/div><\/div><div id=\"event-113\" class=\"vsel-content vsel-past\"><div class=\"vsel-meta vsel-alignleft\" style=\"width:36%;\"><h3 class=\"vsel-meta-title\">Undici Miniature su Sacile<\/h3><div class=\"vsel-meta-date vsel-meta-single-date\">Date\u00a0: <span>mai 16, 2025<\/span><\/div><div class=\"vsel-meta-time\">Heure\u00a0: <span>8:30 pm<\/span><\/div><div class=\"vsel-meta-location\">Lieu: <span>Teatro Zancanaro - Sacile<\/span><\/div><div class=\"vsel-meta-link\"><a href=\"https:\/\/www.teatrozancanaro.it\/evento\/undici-miniature-su-sacile\/\" rel=\"noopener noreferrer\" rel=\"noreferrer\" target=\"_self\" title=\"https:\/\/www.teatrozancanaro.it\/evento\/undici-miniature-su-sacile\/\">Plus d\u2019infos<\/a><\/div><\/div><div class=\"vsel-info vsel-alignright\" style=\"width:60%;\"><div class=\"vsel-text\">\n<p class=\"wp-block-paragraph\">Orchestra Accademia Musicale Naonis<\/p>\n\n\n\n<p class=\"wp-block-paragraph\">Arnaldo De Vito | Livia Rosso | Pianoforte<\/p>\n\n\n\n<p class=\"wp-block-paragraph\">Martina Morello | Clarinetto<\/p>\n\n\n\n<p class=\"wp-block-paragraph\">Annagiulia Bonizzato | Soprano<\/p>\n\n\n\n<p class=\"wp-block-paragraph\">Andrea Maggi | conduce la serata<\/p>\n\n\n\n<figure class=\"wp-block-image size-large is-resized\"><img loading=\"lazy\" decoding=\"async\" width=\"819\" height=\"1024\" src=\"https:\/\/martinamorello.com\/wp-content\/uploads\/2025\/09\/IMG_0028-819x1024.jpeg\" alt=\"\" class=\"wp-image-115\" style=\"width:337px;height:auto\" srcset=\"https:\/\/martinamorello.com\/wp-content\/uploads\/2025\/09\/IMG_0028-819x1024.jpeg 819w, https:\/\/martinamorello.com\/wp-content\/uploads\/2025\/09\/IMG_0028-240x300.jpeg 240w, https:\/\/martinamorello.com\/wp-content\/uploads\/2025\/09\/IMG_0028-768x960.jpeg 768w, https:\/\/martinamorello.com\/wp-content\/uploads\/2025\/09\/IMG_0028-1229x1536.jpeg 1229w, https:\/\/martinamorello.com\/wp-content\/uploads\/2025\/09\/IMG_0028-1638x2048.jpeg 1638w, https:\/\/martinamorello.com\/wp-content\/uploads\/2025\/09\/IMG_0028.jpeg 2048w\" sizes=\"auto, (max-width: 819px) 100vw, 819px\" \/><\/figure>\n\n\n\n<p class=\"wp-block-paragraph\"><\/p>\n<\/div><\/div><\/div><div class=\"vsel-nav\"><a href=\"https:\/\/martinamorello.com\/index.php\/wp-json\/wp\/v2\/pages\/2\/page\/2\/\" class=\"vsel-next\">Suivant &raquo;<\/a><\/div><\/div>\n\n\n\n<p class=\"wp-block-paragraph\"><\/p>\n","protected":false},"excerpt":{"rendered":"<p>Concerts pass\u00e9s<\/p>\n","protected":false},"author":1,"featured_media":0,"parent":0,"menu_order":0,"comment_status":"closed","ping_status":"open","template":"","meta":{"footnotes":""},"class_list":["post-2","page","type-page","status-publish","hentry"],"_links":{"self":[{"href":"https:\/\/martinamorello.com\/index.php\/wp-json\/wp\/v2\/pages\/2","targetHints":{"allow":["GET"]}}],"collection":[{"href":"https:\/\/martinamorello.com\/index.php\/wp-json\/wp\/v2\/pages"}],"about":[{"href":"https:\/\/martinamorello.com\/index.php\/wp-json\/wp\/v2\/types\/page"}],"author":[{"embeddable":true,"href":"https:\/\/martinamorello.com\/index.php\/wp-json\/wp\/v2\/users\/1"}],"replies":[{"embeddable":true,"href":"https:\/\/martinamorello.com\/index.php\/wp-json\/wp\/v2\/comments?post=2"}],"version-history":[{"count":3,"href":"https:\/\/martinamorello.com\/index.php\/wp-json\/wp\/v2\/pages\/2\/revisions"}],"predecessor-version":[{"id":111,"href":"https:\/\/martinamorello.com\/index.php\/wp-json\/wp\/v2\/pages\/2\/revisions\/111"}],"wp:attachment":[{"href":"https:\/\/martinamorello.com\/index.php\/wp-json\/wp\/v2\/media?parent=2"}],"curies":[{"name":"wp","href":"https:\/\/api.w.org\/{rel}","templated":true}]}}